{"id":7316,"date":"2024-01-13T11:29:25","date_gmt":"2024-01-13T10:29:25","guid":{"rendered":"https:\/\/kirchehundwil.ch\/?page_id=7316"},"modified":"2025-04-14T21:30:42","modified_gmt":"2025-04-14T19:30:42","slug":"kirchhoeri-am-sonntag-21-april-2024","status":"publish","type":"page","link":"https:\/\/kirchehundwil.ch\/?page_id=7316","title":{"rendered":"Kirchh\u00f6ri am Sonntag, 27. April 2025"},"content":{"rendered":"\n<p>Die Kirchh\u00f6ri findet anschliessend an den Gottesdienst statt. Alle Reformierten der Kirchgemeinde Hundwil sind herzlich eingeladen. Stimm\u00ad- und wahlberechtigt sind alle Kirchgemeindeglieder, die das 16. Altersjahr vollendet haben. <\/p>\n\n\n\n<p><strong>Kirchh\u00f6ri am Sonntag, 27. April 2025 um 10.45 Uhr in der Kirche<\/strong> (korrektes Datum)<\/p>\n\n\n\n<ol class=\"wp-block-list\">\n<li>Begr\u00fcssung<\/li>\n\n\n\n<li>Wahl der Stimmenz\u00e4hler<\/li>\n\n\n\n<li>Jahresbericht des Pr\u00e4sidenten<\/li>\n\n\n\n<li>Abstimmung \u00fcber die Jahresrechnung 2024, inkl. Zuteilung des Ergebnisses<\/li>\n\n\n\n<li>Abstimmung \u00fcber das Budget 2025 bei gleichbleibendem Steuerfuss von 0,75 Einheiten<\/li>\n\n\n\n<li>R\u00fccktritte \/ Wahlen<\/li>\n\n\n\n<li>W\u00fcnsche und Antr\u00e4ge (Antr\u00e4ge der Kirchgemeindeglieder m\u00fcssen bis sp\u00e4testens 10 Tage vor der Kirchgemeindeversammlung schriftlich bei der Kirchenvorsteherschaft eingereicht werden)<\/li>\n\n\n\n<li>Varia<\/li>\n<\/ol>\n\n\n\n<p>Nachfolgend das Anfang April 2025 versandte Edikt mit Jahresrechnung 2024 und Budget 2025, dem Geleitwort des Pr\u00e4sidenten und dem Jahresbericht des Pfarramtes.<\/p>\n\n\n\n<div data-wp-interactive=\"core\/file\" class=\"wp-block-file\"><object data-wp-bind--hidden=\"!state.hasPdfPreview\" hidden class=\"wp-block-file__embed\" data=\"https:\/\/kirchehundwil.ch\/wp-content\/uploads\/2025\/04\/20250427-Edikt-Hwil_Rechn_2024_Internet.pdf\" type=\"application\/pdf\" style=\"width:100%;height:600px\" aria-label=\"Einbettung von 20250427 Edikt H&apos;wil_Rechn_2024_Internet.\"><\/object><a id=\"wp-block-file--media-6460f0cb-4654-4b62-bd6f-0fda6bc28eb2\" href=\"https:\/\/kirchehundwil.ch\/wp-content\/uploads\/2025\/04\/20250427-Edikt-Hwil_Rechn_2024_Internet.pdf\">20250427 Edikt H&#8217;wil_Rechn_2024_Internet<\/a><a href=\"https:\/\/kirchehundwil.ch\/wp-content\/uploads\/2025\/04\/20250427-Edikt-Hwil_Rechn_2024_Internet.pdf\" class=\"wp-block-file__button wp-element-button\" download aria-describedby=\"wp-block-file--media-6460f0cb-4654-4b62-bd6f-0fda6bc28eb2\">Herunterladen<\/a><\/div>\n\n\n\n<figure class=\"wp-block-image size-large\"><a href=\"https:\/\/kirchehundwil.ch\/wp-content\/uploads\/2024\/01\/Malerei-Lobe-den-Herrn-meine-Seele-IMG_7509-scaled.jpg\"><img loading=\"lazy\" decoding=\"async\" width=\"1024\" height=\"768\" src=\"https:\/\/kirchehundwil.ch\/wp-content\/uploads\/2024\/01\/Malerei-Lobe-den-Herrn-meine-Seele-IMG_7509-1024x768.jpg\" alt=\"\" class=\"wp-image-7317\" srcset=\"https:\/\/kirchehundwil.ch\/wp-content\/uploads\/2024\/01\/Malerei-Lobe-den-Herrn-meine-Seele-IMG_7509-1024x768.jpg 1024w, https:\/\/kirchehundwil.ch\/wp-content\/uploads\/2024\/01\/Malerei-Lobe-den-Herrn-meine-Seele-IMG_7509-300x225.jpg 300w, https:\/\/kirchehundwil.ch\/wp-content\/uploads\/2024\/01\/Malerei-Lobe-den-Herrn-meine-Seele-IMG_7509-768x576.jpg 768w, https:\/\/kirchehundwil.ch\/wp-content\/uploads\/2024\/01\/Malerei-Lobe-den-Herrn-meine-Seele-IMG_7509-1536x1152.jpg 1536w, https:\/\/kirchehundwil.ch\/wp-content\/uploads\/2024\/01\/Malerei-Lobe-den-Herrn-meine-Seele-IMG_7509-2048x1536.jpg 2048w\" sizes=\"auto, (max-width: 1024px) 100vw, 1024px\" \/><\/a><\/figure>\n\n\n\n<p>Besucher k\u00f6nnen die Kirchh\u00f6ri von der Empore aus miterleben. F\u00fcr Ausk\u00fcnfte und Anliegen Pr\u00e4sident der Kirchenvorsteherschaft Heinz Naef Tel. 071 376 00 38.<\/p>\n","protected":false},"excerpt":{"rendered":"<p>Die Kirchh\u00f6ri findet anschliessend an den Gottesdienst statt. Alle Reformierten der Kirchgemeinde Hundwil sind herzlich eingeladen. Stimm\u00ad- und wahlberechtigt sind alle Kirchgemeindeglieder, die das 16. Altersjahr vollendet haben. Kirchh\u00f6ri am Sonntag, 27. April 2025 um 10.45 Uhr in der Kirche &hellip; <a href=\"https:\/\/kirchehundwil.ch\/?page_id=7316\">Weiterlesen <span class=\"meta-nav\">&rarr;<\/span><\/a><\/p>\n","protected":false},"author":1,"featured_media":0,"parent":0,"menu_order":0,"comment_status":"closed","ping_status":"closed","template":"","meta":{"footnotes":""},"class_list":["post-7316","page","type-page","status-publish","hentry"],"_links":{"self":[{"href":"https:\/\/kirchehundwil.ch\/index.php?rest_route=\/wp\/v2\/pages\/7316","targetHints":{"allow":["GET"]}}],"collection":[{"href":"https:\/\/kirchehundwil.ch\/index.php?rest_route=\/wp\/v2\/pages"}],"about":[{"href":"https:\/\/kirchehundwil.ch\/index.php?rest_route=\/wp\/v2\/types\/page"}],"author":[{"embeddable":true,"href":"https:\/\/kirchehundwil.ch\/index.php?rest_route=\/wp\/v2\/users\/1"}],"replies":[{"embeddable":true,"href":"https:\/\/kirchehundwil.ch\/index.php?rest_route=%2Fwp%2Fv2%2Fcomments&post=7316"}],"version-history":[{"count":9,"href":"https:\/\/kirchehundwil.ch\/index.php?rest_route=\/wp\/v2\/pages\/7316\/revisions"}],"predecessor-version":[{"id":8460,"href":"https:\/\/kirchehundwil.ch\/index.php?rest_route=\/wp\/v2\/pages\/7316\/revisions\/8460"}],"wp:attachment":[{"href":"https:\/\/kirchehundwil.ch\/index.php?rest_route=%2Fwp%2Fv2%2Fmedia&parent=7316"}],"curies":[{"name":"wp","href":"https:\/\/api.w.org\/{rel}","templated":true}]}}