{"id":7375,"date":"2024-02-07T21:29:55","date_gmt":"2024-02-07T20:29:55","guid":{"rendered":"https:\/\/kirchehundwil.ch\/?page_id=7375"},"modified":"2024-06-29T19:55:56","modified_gmt":"2024-06-29T17:55:56","slug":"alles-leben-stroemt-aus-dir-500-jahr-reformation","status":"publish","type":"page","link":"https:\/\/kirchehundwil.ch\/?page_id=7375","title":{"rendered":"Alles Leben str\u00f6mt aus Dir &#8211; 500 Jahr Reformation"},"content":{"rendered":"\n<h2 class=\"wp-block-heading\"><strong>\u201eAlles Leben str\u00f6mt aus Dir\u201c &#8211; Walter Klarer, die Reformation und andere Fr\u00fcchte des Evangeliums<\/strong><\/h2>\n\n\n\n<p>Vor 500 Jahren best\u00e4tigte die Landsgemeinde im noch ungeteilten Land Appenzell, dass \u201e<em>kein Priester und Prediger fortan etwas anderes lehren solle, als was er aus der heiligen Schrift beweisen k\u00f6nne<\/em>\u201c. Aus dieser friedlichen Reformation ist viel Gutes gewachsen. Eine Ausstellung im Kirchenchor und im Kirchturm bis hinauf zur Glockenstube bringen uns etwas davon nahe.<\/p>\n\n\n\n<figure class=\"wp-block-image size-large\"><a href=\"https:\/\/kirchehundwil.ch\/wp-content\/uploads\/2024\/03\/20240324-Alles-Leben-stroemt-aus-Dir-A-IMG_7112-Kopie.jpg\"><img loading=\"lazy\" decoding=\"async\" width=\"1024\" height=\"248\" src=\"https:\/\/kirchehundwil.ch\/wp-content\/uploads\/2024\/03\/20240324-Alles-Leben-stroemt-aus-Dir-A-IMG_7112-Kopie-1024x248.jpg\" alt=\"\" class=\"wp-image-7461\" srcset=\"https:\/\/kirchehundwil.ch\/wp-content\/uploads\/2024\/03\/20240324-Alles-Leben-stroemt-aus-Dir-A-IMG_7112-Kopie-1024x248.jpg 1024w, https:\/\/kirchehundwil.ch\/wp-content\/uploads\/2024\/03\/20240324-Alles-Leben-stroemt-aus-Dir-A-IMG_7112-Kopie-300x73.jpg 300w, https:\/\/kirchehundwil.ch\/wp-content\/uploads\/2024\/03\/20240324-Alles-Leben-stroemt-aus-Dir-A-IMG_7112-Kopie-768x186.jpg 768w, https:\/\/kirchehundwil.ch\/wp-content\/uploads\/2024\/03\/20240324-Alles-Leben-stroemt-aus-Dir-A-IMG_7112-Kopie-1536x372.jpg 1536w, https:\/\/kirchehundwil.ch\/wp-content\/uploads\/2024\/03\/20240324-Alles-Leben-stroemt-aus-Dir-A-IMG_7112-Kopie-2048x496.jpg 2048w\" sizes=\"auto, (max-width: 1024px) 100vw, 1024px\" \/><\/a><\/figure>\n\n\n\n<h2 class=\"wp-block-heading\"><strong>Er\u00f6ffnung Samstag, 27. April 2024<\/strong><\/h2>\n\n\n\n<p>Samstag, 27. April 2024, 10.00 Uhr. Er\u00f6ffnung der gef\u00fchrten und auch frei begehbaren Ausstellung vom Chor bis in den Turm der Kirche Hundwil. Die Ausstellung f\u00fchrt mit 10 Plakaten. 6 gef\u00fchrte Ausstellungen in 2 Monaten, dazwischen freier Zugang. Jedes der Plakate erarbeitet und vertieft mit einem eigenen Schwerpunkt das Erkennen, wie viel uns Hundwilern, Appenzellern, Schweizern und Westeurop\u00e4ern der HERR \u00fcber Raum und Zeit in den vergangenen 1500 Jahren in Seinem Wort segnend anvertraut hat.<\/p>\n\n\n\n<h2 class=\"wp-block-heading\"><strong>Schwerpunkt der Ausstellung<\/strong><\/h2>\n\n\n\n<ul class=\"wp-block-list\">\n<li><strong>(1) Alles Leben str\u00f6mt aus Dir!<\/strong><\/li>\n\n\n\n<li><strong>(2) Die Reformation<\/strong>&nbsp;&#8211; der unersch\u00fctterliche Grund wird neu freigelegt<\/li>\n\n\n\n<li><strong>(3)<\/strong>&nbsp;<strong>Die Treue<\/strong>&nbsp;Walter Klarer\u2019s zum Gotteswort<\/li>\n\n\n\n<li><strong>(4) Freundlichkeit und Beistand<\/strong>&nbsp;\u2013 Jakob K\u00fcnzler, Fluchthelfer und Waisenvater der armenischen Kinder<\/li>\n\n\n\n<li><strong>(5) T\u00e4tige Liebe<\/strong>&nbsp;\u2013 Hilfswerk Apoyo<\/li>\n\n\n\n<li><strong>(6) Hingabe<\/strong>&nbsp;\u2013 der Christliche Hilfsbund &#8211; Internat in Anjar f\u00fcr 80 Jugendliche<\/li>\n\n\n\n<li><strong>(7) Freiheit<\/strong>&nbsp;\u2013 ihre Quelle &#8211; und direkte Demokratie und Landsgemeinde&nbsp;<\/li>\n\n\n\n<li><strong>(8) Dankbarkeit<\/strong>&nbsp;\u2013 Ausdruck in Musik, Glockenklang und Gotteslob<\/li>\n\n\n\n<li><strong>(9) Turmbesichtigung&nbsp;<\/strong>\u2013 Alles&nbsp;unter der Sonne hat seine Zeit &#8211; Gott \u00fcber Raum und Zeit<\/li>\n\n\n\n<li><strong>(10) Turmbesichtigung&nbsp;<\/strong>\u2013 Die Kirchenglocken und ihre Geschichte<\/li>\n<\/ul>\n\n\n\n<h2 class=\"wp-block-heading\"><strong>\u00d6ffnungszeiten mit F\u00fchrungen<\/strong><\/h2>\n\n\n\n<p>Jeweils ab Ende April jeden zweiten Samstagvormittag:<\/p>\n\n\n\n<div class=\"wp-block-media-text has-media-on-the-right is-stacked-on-mobile\" style=\"grid-template-columns:auto 49%\"><div class=\"wp-block-media-text__content\">\n<p> 27. April 2024, 10.00 &#8211; 11.30 Uhr<\/p>\n\n\n\n<p>4. Mai 2024, 10.00 &#8211; 11.30 Uhr<\/p>\n\n\n\n<p>18. Mai 2024, 10.00 &#8211; 11.30 Uhr<\/p>\n\n\n\n<p>1. Juni 2024, 10.00 &#8211; 11.30 Uhr<\/p>\n\n\n\n<p>15. Juni 2024, 10.00 &#8211; 11.30 Uhr<\/p>\n\n\n\n<p>29. Juni 2024, 10.00 &#8211; 11.30 Uhr<\/p>\n<\/div><figure class=\"wp-block-media-text__media\"><img loading=\"lazy\" decoding=\"async\" width=\"442\" height=\"1024\" src=\"https:\/\/kirchehundwil.ch\/wp-content\/uploads\/2024\/02\/Kirchturm1-1-442x1024.png\" alt=\"\" class=\"wp-image-7377 size-full\" srcset=\"https:\/\/kirchehundwil.ch\/wp-content\/uploads\/2024\/02\/Kirchturm1-1-442x1024.png 442w, https:\/\/kirchehundwil.ch\/wp-content\/uploads\/2024\/02\/Kirchturm1-1-129x300.png 129w, https:\/\/kirchehundwil.ch\/wp-content\/uploads\/2024\/02\/Kirchturm1-1-768x1781.png 768w, https:\/\/kirchehundwil.ch\/wp-content\/uploads\/2024\/02\/Kirchturm1-1-883x2048.png 883w, https:\/\/kirchehundwil.ch\/wp-content\/uploads\/2024\/02\/Kirchturm1-1.png 1213w\" sizes=\"auto, (max-width: 442px) 100vw, 442px\" \/><\/figure><\/div>\n\n\n\n<p>Die R\u00fcckkehr und Treue der Reformatoren zum klaren Gotteswort liess \u00fcber die Jahrhunderte aus dem unscheinbar kleinen Samenkorn unz\u00e4hlige Fr\u00fcchte wachsen.<\/p>\n\n\n\n<figure class=\"wp-block-gallery has-nested-images columns-default is-cropped wp-block-gallery-1 is-layout-flex wp-block-gallery-is-layout-flex\">\n<figure class=\"wp-block-image size-large\"><a href=\"https:\/\/kirchehundwil.ch\/wp-content\/uploads\/2024\/06\/IMG_7600-Uebersicht-Ausstellung.heic\"><img decoding=\"async\" data-id=\"7804\" src=\"https:\/\/kirchehundwil.ch\/wp-content\/uploads\/2024\/06\/IMG_7600-Uebersicht-Ausstellung.heic\" alt=\"\" class=\"wp-image-7804\"\/><\/a><\/figure>\n\n\n\n<figure class=\"wp-block-image size-large\"><a href=\"https:\/\/kirchehundwil.ch\/wp-content\/uploads\/2024\/06\/IMG_7603-Einleitung-Reformation-Treue.heic\"><img decoding=\"async\" data-id=\"7805\" src=\"https:\/\/kirchehundwil.ch\/wp-content\/uploads\/2024\/06\/IMG_7603-Einleitung-Reformation-Treue.heic\" alt=\"\" class=\"wp-image-7805\"\/><\/a><\/figure>\n<\/figure>\n\n\n\n<p>Das Denken und Handeln der Menschen wurde befreit zum Forschen und Werken, andern Gutes zu tun und dem Sch\u00f6pfer aller Dinge und Erl\u00f6ser Jesus Christus nachzufolgen.<\/p>\n\n\n\n<figure class=\"wp-block-gallery has-nested-images columns-default is-cropped wp-block-gallery-2 is-layout-flex wp-block-gallery-is-layout-flex\">\n<figure class=\"wp-block-image size-large\"><a href=\"https:\/\/kirchehundwil.ch\/wp-content\/uploads\/2024\/06\/IMG_7598-Uebersicht-konzentriert.heic\"><img decoding=\"async\" data-id=\"7807\" src=\"https:\/\/kirchehundwil.ch\/wp-content\/uploads\/2024\/06\/IMG_7598-Uebersicht-konzentriert.heic\" alt=\"\" class=\"wp-image-7807\"\/><\/a><\/figure>\n\n\n\n<figure class=\"wp-block-image size-large\"><a href=\"https:\/\/kirchehundwil.ch\/wp-content\/uploads\/2024\/06\/IMG_7605-Fruechte-erneuertes-Denken-und-Handeln.heic\"><img decoding=\"async\" data-id=\"7806\" src=\"https:\/\/kirchehundwil.ch\/wp-content\/uploads\/2024\/06\/IMG_7605-Fruechte-erneuertes-Denken-und-Handeln.heic\" alt=\"\" class=\"wp-image-7806\"\/><\/a><\/figure>\n\n\n\n<figure class=\"wp-block-image size-large\"><a href=\"https:\/\/kirchehundwil.ch\/wp-content\/uploads\/2024\/06\/IMG_7606-Fruechte-Freiheit-und-Dankbarkeit.heic\"><img decoding=\"async\" data-id=\"7808\" src=\"https:\/\/kirchehundwil.ch\/wp-content\/uploads\/2024\/06\/IMG_7606-Fruechte-Freiheit-und-Dankbarkeit.heic\" alt=\"\" class=\"wp-image-7808\"\/><\/a><\/figure>\n<\/figure>\n\n\n\n<p>Freiheit und Dankbarkeit sind deshalb Ausdruck in Seinen Menschen.<\/p>\n\n\n\n<figure class=\"wp-block-gallery has-nested-images columns-default is-cropped wp-block-gallery-3 is-layout-flex wp-block-gallery-is-layout-flex\">\n<figure class=\"wp-block-image size-large\"><a href=\"https:\/\/kirchehundwil.ch\/wp-content\/uploads\/2024\/06\/IMG_7607-alles-hat-seine-Zeit.heic\"><img decoding=\"async\" data-id=\"7809\" src=\"https:\/\/kirchehundwil.ch\/wp-content\/uploads\/2024\/06\/IMG_7607-alles-hat-seine-Zeit.heic\" alt=\"\" class=\"wp-image-7809\"\/><\/a><\/figure>\n<\/figure>\n\n\n\n<p>So hat Er allem und jedem seine Zeit gesetzt. Die Kirchenglocken verk\u00fcnden jeden Tag neu den Sieg und die Herrschaft Jesu Christi \u00fcber Himmel und Erde und rufen jeden Sonntag, am ersten Tag der Woche, seine Gesch\u00f6pfe &#8211; uns Menschen &#8211; zum Gottesdienst.<\/p>\n\n\n\n<h2 class=\"wp-block-heading\">Ausstellung mit 10 Plakaten<\/h2>\n\n\n\n<p>Die Ausstellung mit den 10 Plakaten im Chor der Kirche umgibt sinnigerweise den Taufstein, den Abendmahlstisch und die Kanzel. Sie versucht zu erschliessen, wieviel uns in den vergangenen 15 Jahrhunderten mit dem Evangelium geschenkt wurde. Schwer fassbar, weil es so umfassend und durchdringend ist, weil das kleine Samenkorn so gross geworden ist, der Sauerteig alles durchs\u00e4uert hat und wir unbemerkt darin leben und weben &#8211; all die Wohltaten des Herrn \u00fcber Leben und Tod geniessen &#8211; und weil die Menschen so besch\u00e4ftigt sind, sich so gerne zerstreuen lassen.<\/p>\n\n\n\n<div class=\"wp-block-buttons is-layout-flex wp-block-buttons-is-layout-flex\">\n<div class=\"wp-block-button has-custom-width wp-block-button__width-100 has-custom-font-size is-style-outline has-medium-font-size is-style-outline--4\"><a class=\"wp-block-button__link has-blue-color has-text-color has-link-color wp-element-button\" href=\"https:\/\/kirchehundwil.ch\/?page_id=7639\" style=\"border-radius:10px\" target=\"_blank\" rel=\"https:\/\/kirchehundwil.ch\/?page_id=7492 noopener\">01 Alles Leben str\u00f6mt aus Dir<\/a><\/div>\n<\/div>\n\n\n\n<p><\/p>\n\n\n\n<div class=\"wp-block-buttons is-layout-flex wp-block-buttons-is-layout-flex\">\n<div class=\"wp-block-button has-custom-width wp-block-button__width-100 has-custom-font-size is-style-outline has-medium-font-size is-style-outline--5\"><a class=\"wp-block-button__link has-blue-color has-text-color has-link-color wp-element-button\" href=\"https:\/\/kirchehundwil.ch\/?page_id=7670\" style=\"border-radius:10px\" target=\"_blank\" rel=\"https:\/\/kirchehundwil.ch\/?page_id=7492 noopener\">02 Im Zeichen der Freiheit<\/a><\/div>\n<\/div>\n\n\n\n<p><\/p>\n\n\n\n<div class=\"wp-block-buttons is-layout-flex wp-block-buttons-is-layout-flex\">\n<div class=\"wp-block-button has-custom-width wp-block-button__width-100 has-custom-font-size is-style-outline has-medium-font-size is-style-outline--6\"><a class=\"wp-block-button__link has-blue-color has-text-color has-link-color wp-element-button\" href=\"https:\/\/kirchehundwil.ch\/?page_id=7673\" style=\"border-radius:10px\" target=\"_blank\" rel=\"https:\/\/kirchehundwil.ch\/?page_id=7492 noopener\">03 Die Treue Walter Klarer&#8217;s zum Gotteswort<\/a><\/div>\n<\/div>\n\n\n\n<p><\/p>\n\n\n\n<div class=\"wp-block-buttons is-layout-flex wp-block-buttons-is-layout-flex\">\n<div class=\"wp-block-button has-custom-width wp-block-button__width-100 has-custom-font-size is-style-outline has-medium-font-size is-style-outline--7\"><a class=\"wp-block-button__link has-blue-color has-text-color has-link-color wp-element-button\" href=\"https:\/\/kirchehundwil.ch\/?page_id=7690\" style=\"border-radius:10px\" target=\"_blank\" rel=\"https:\/\/kirchehundwil.ch\/?page_id=7492 noopener\">04 Freundlichkeit und Beistand &#8211; Jakob K\u00fcnzler<\/a><\/div>\n<\/div>\n\n\n\n<p><\/p>\n\n\n\n<div class=\"wp-block-buttons is-layout-flex wp-block-buttons-is-layout-flex\">\n<div class=\"wp-block-button has-custom-width wp-block-button__width-100 has-custom-font-size is-style-outline has-medium-font-size is-style-outline--8\"><a class=\"wp-block-button__link has-blue-color has-text-color has-link-color wp-element-button\" href=\"https:\/\/kirchehundwil.ch\/?page_id=7696\" style=\"border-radius:10px\" target=\"_blank\" rel=\"https:\/\/kirchehundwil.ch\/?page_id=7492 noopener\">05 T\u00e4tige Liebe &#8211; Apoyo<\/a><\/div>\n<\/div>\n\n\n\n<p><\/p>\n\n\n\n<div class=\"wp-block-buttons is-layout-flex wp-block-buttons-is-layout-flex\">\n<div class=\"wp-block-button has-custom-width wp-block-button__width-100 has-custom-font-size is-style-outline has-medium-font-size is-style-outline--9\"><a class=\"wp-block-button__link has-blue-color has-text-color has-link-color wp-element-button\" href=\"https:\/\/kirchehundwil.ch\/?page_id=7716\" style=\"border-radius:10px\" target=\"_blank\" rel=\"https:\/\/kirchehundwil.ch\/?page_id=7492 noopener\">06 Hingabe &#8211; Christlicher Hilfsbund im Orient<\/a><\/div>\n<\/div>\n\n\n\n<p><\/p>\n\n\n\n<div class=\"wp-block-buttons is-layout-flex wp-block-buttons-is-layout-flex\">\n<div class=\"wp-block-button has-custom-width wp-block-button__width-100 has-custom-font-size is-style-outline has-medium-font-size is-style-outline--10\"><a class=\"wp-block-button__link has-blue-color has-text-color has-link-color wp-element-button\" href=\"https:\/\/kirchehundwil.ch\/?page_id=7737\" style=\"border-radius:10px\" target=\"_blank\" rel=\"https:\/\/kirchehundwil.ch\/?page_id=7492 noopener\">07 Freiheit<\/a><\/div>\n<\/div>\n\n\n\n<p><\/p>\n\n\n\n<div class=\"wp-block-buttons is-layout-flex wp-block-buttons-is-layout-flex\">\n<div class=\"wp-block-button has-custom-width wp-block-button__width-100 has-custom-font-size is-style-outline has-medium-font-size is-style-outline--11\"><a class=\"wp-block-button__link has-blue-color has-text-color has-link-color wp-element-button\" href=\"https:\/\/kirchehundwil.ch\/?page_id=7756\" style=\"border-radius:10px\" target=\"_blank\" rel=\"https:\/\/kirchehundwil.ch\/?page_id=7492 noopener\">08 Dankbarkeit<\/a><\/div>\n<\/div>\n\n\n\n<p><\/p>\n\n\n\n<div class=\"wp-block-buttons is-layout-flex wp-block-buttons-is-layout-flex\">\n<div class=\"wp-block-button has-custom-width wp-block-button__width-100 has-custom-font-size is-style-outline has-medium-font-size is-style-outline--12\"><a class=\"wp-block-button__link has-blue-color has-text-color has-link-color wp-element-button\" href=\"https:\/\/kirchehundwil.ch\/?page_id=7770\" style=\"border-radius:10px\" target=\"_blank\" rel=\"https:\/\/kirchehundwil.ch\/?page_id=7492 noopener\">09 Alles unter der Sonne hat seine Zeit<\/a><\/div>\n<\/div>\n\n\n\n<p><\/p>\n\n\n\n<div class=\"wp-block-buttons is-layout-flex wp-block-buttons-is-layout-flex\">\n<div class=\"wp-block-button has-custom-width wp-block-button__width-100 has-custom-font-size is-style-outline has-medium-font-size is-style-outline--13\"><a class=\"wp-block-button__link has-blue-color has-text-color has-link-color wp-element-button\" href=\"https:\/\/kirchehundwil.ch\/?page_id=7777\" style=\"border-radius:10px\" target=\"_blank\" rel=\"https:\/\/kirchehundwil.ch\/?page_id=7492 noopener\">10 Die Bedeutung der Glocken<\/a><\/div>\n<\/div>\n","protected":false},"excerpt":{"rendered":"<p>\u201eAlles Leben str\u00f6mt aus Dir\u201c &#8211; Walter Klarer, die Reformation und andere Fr\u00fcchte des Evangeliums Vor 500 Jahren best\u00e4tigte die Landsgemeinde im noch ungeteilten Land Appenzell, dass \u201ekein Priester und Prediger fortan etwas anderes lehren solle, als was er aus &hellip; <a href=\"https:\/\/kirchehundwil.ch\/?page_id=7375\">Weiterlesen <span class=\"meta-nav\">&rarr;<\/span><\/a><\/p>\n","protected":false},"author":1,"featured_media":0,"parent":0,"menu_order":0,"comment_status":"closed","ping_status":"closed","template":"","meta":{"footnotes":""},"class_list":["post-7375","page","type-page","status-publish","hentry"],"_links":{"self":[{"href":"https:\/\/kirchehundwil.ch\/index.php?rest_route=\/wp\/v2\/pages\/7375","targetHints":{"allow":["GET"]}}],"collection":[{"href":"https:\/\/kirchehundwil.ch\/index.php?rest_route=\/wp\/v2\/pages"}],"about":[{"href":"https:\/\/kirchehundwil.ch\/index.php?rest_route=\/wp\/v2\/types\/page"}],"author":[{"embeddable":true,"href":"https:\/\/kirchehundwil.ch\/index.php?rest_route=\/wp\/v2\/users\/1"}],"replies":[{"embeddable":true,"href":"https:\/\/kirchehundwil.ch\/index.php?rest_route=%2Fwp%2Fv2%2Fcomments&post=7375"}],"version-history":[{"count":16,"href":"https:\/\/kirchehundwil.ch\/index.php?rest_route=\/wp\/v2\/pages\/7375\/revisions"}],"predecessor-version":[{"id":7842,"href":"https:\/\/kirchehundwil.ch\/index.php?rest_route=\/wp\/v2\/pages\/7375\/revisions\/7842"}],"wp:attachment":[{"href":"https:\/\/kirchehundwil.ch\/index.php?rest_route=%2Fwp%2Fv2%2Fmedia&parent=7375"}],"curies":[{"name":"wp","href":"https:\/\/api.w.org\/{rel}","templated":true}]}}